{"id":268,"date":"2015-06-13T11:30:32","date_gmt":"2015-06-13T09:30:32","guid":{"rendered":"http:\/\/www.west-highlanders.de\/2015\/?page_id=268"},"modified":"2016-05-29T19:00:09","modified_gmt":"2016-05-29T17:00:09","slug":"fotoalbum","status":"publish","type":"page","link":"http:\/\/www.west-highlanders.de\/2015\/fotoalbum\/","title":{"rendered":"Fotoalbum"},"content":{"rendered":"<p><strong>Fotos 2016<br \/>\n<div class=\"ngg-albumoverview\">\n            <div class=\"ngg-album-compact\">\n            <div class=\"ngg-album-compactbox\">\n                <div class=\"ngg-album-link\">\n                                        <a title='KiTa St. Elisabeth'\n                       href='http:\/\/www.west-highlanders.de\/2015\/fotoalbum\/nggallery\/fotos-2016\/kita-st-elisabeth'>\n                        <img class=\"Thumb\"\n                             alt=\"KiTa St. Elisabeth\"\n                             src=\"http:\/\/www.west-highlanders.de\/wp-content\/gallery\/kita-st-elisabeth\/cache\/IMG-20160529-WA0010.jpg-nggid03160-ngg0dyn-91x68-00f0w010c011r110f110r010t010.jpg\"\/>\n                    <\/a>\n                                    <\/div>\n            <\/div>\n                        <h4>\n                <a class='ngg-album-desc' title='KiTa St. Elisabeth'\n                       href='http:\/\/www.west-highlanders.de\/2015\/fotoalbum\/nggallery\/fotos-2016\/kita-st-elisabeth'style=\"max-width: 111px\">KiTa St. Elisabeth<\/a>\n            <\/h4>\n            <p class=\"ngg-album-gallery-image-counter\">\n                                    <strong>3<\/strong>&nbsp;Fotos                            <\/p>\n        <\/div>\n            <div class=\"ngg-album-compact\">\n            <div class=\"ngg-album-compactbox\">\n                <div class=\"ngg-album-link\">\n                                        <a title='Westernweekend'\n                       href='http:\/\/www.west-highlanders.de\/2015\/fotoalbum\/nggallery\/fotos-2016\/wester-countryweekend'>\n                        <img class=\"Thumb\"\n                             alt=\"Westernweekend\"\n                             src=\"http:\/\/www.west-highlanders.de\/wp-content\/gallery\/wester-countryweekend\/cache\/IMG-20160529-WA0005.jpg-nggid03155-ngg0dyn-91x68-00f0w010c011r110f110r010t010.jpg\"\/>\n                    <\/a>\n                                    <\/div>\n            <\/div>\n                        <h4>\n                <a class='ngg-album-desc' title='Westernweekend'\n                       href='http:\/\/www.west-highlanders.de\/2015\/fotoalbum\/nggallery\/fotos-2016\/wester-countryweekend'style=\"max-width: 111px\">Westernweekend<\/a>\n            <\/h4>\n            <p class=\"ngg-album-gallery-image-counter\">\n                                    <strong>5<\/strong>&nbsp;Fotos                            <\/p>\n        <\/div>\n        <br class=\"ngg-clear\"\/>\n    <div class='ngg-clear'><\/div><\/div>\n<\/strong><\/p>\n<p><strong>Fotos 2015<br \/>\n<\/strong><div class=\"ngg-albumoverview\">\n            <div class=\"ngg-album-compact\">\n            <div class=\"ngg-album-compactbox\">\n                <div class=\"ngg-album-link\">\n                                        <a title='Proben- wochenende 5_2015'\n                       href='http:\/\/www.west-highlanders.de\/2015\/fotoalbum\/nggallery\/fotos\/probenwochenende-5_2015'>\n                        <img class=\"Thumb\"\n                             alt=\"Proben- wochenende 5_2015\"\n                             src=\"http:\/\/www.west-highlanders.de\/wp-content\/gallery\/probenwochenende-5_2015\/cache\/04_image4.jpg-nggid014-ngg0dyn-91x68-00f0w010c011r110f110r010t010.jpg\"\/>\n                    <\/a>\n                                    <\/div>\n            <\/div>\n                        <h4>\n                <a class='ngg-album-desc' title='Proben- wochenende 5_2015'\n                       href='http:\/\/www.west-highlanders.de\/2015\/fotoalbum\/nggallery\/fotos\/probenwochenende-5_2015'style=\"max-width: 111px\">Proben- wochenende 5_2015<\/a>\n            <\/h4>\n            <p class=\"ngg-album-gallery-image-counter\">\n                                    <strong>17<\/strong>&nbsp;Fotos                            <\/p>\n        <\/div>\n            <div class=\"ngg-album-compact\">\n            <div class=\"ngg-album-compactbox\">\n                <div class=\"ngg-album-link\">\n                                        <a title='Irish-Folk Konzert'\n                       href='http:\/\/www.west-highlanders.de\/2015\/fotoalbum\/nggallery\/fotos\/irish-folk-konzert'>\n                        <img class=\"Thumb\"\n                             alt=\"Irish-Folk Konzert\"\n                             src=\"http:\/\/www.west-highlanders.de\/wp-content\/gallery\/irish-folk-konzert\/cache\/w1600_150228_D8-49.jpg-nggid0221-ngg0dyn-91x68-00f0w010c011r110f110r010t010.jpg\"\/>\n                    <\/a>\n                                    <\/div>\n            <\/div>\n                        <h4>\n                <a class='ngg-album-desc' title='Irish-Folk Konzert'\n                       href='http:\/\/www.west-highlanders.de\/2015\/fotoalbum\/nggallery\/fotos\/irish-folk-konzert'style=\"max-width: 111px\">Irish-Folk Konzert<\/a>\n            <\/h4>\n            <p class=\"ngg-album-gallery-image-counter\">\n                                    <strong>20<\/strong>&nbsp;Fotos                            <\/p>\n        <\/div>\n            <div class=\"ngg-album-compact\">\n            <div class=\"ngg-album-compactbox\">\n                <div class=\"ngg-album-link\">\n                                        <a title='Brilon-Wald Sch\u00fctzenfest'\n                       href='http:\/\/www.west-highlanders.de\/2015\/fotoalbum\/nggallery\/fotos\/brilon-wald-schuetzenfest'>\n                        <img class=\"Thumb\"\n                             alt=\"Brilon-Wald Sch\u00fctzenfest\"\n                             src=\"http:\/\/www.west-highlanders.de\/wp-content\/gallery\/brilon-wald-schuetzenfest\/cache\/IMG_0849.jpg-nggid0254-ngg0dyn-91x68-00f0w010c011r110f110r010t010.jpg\"\/>\n                    <\/a>\n                                    <\/div>\n            <\/div>\n                        <h4>\n                <a class='ngg-album-desc' title='Brilon-Wald Sch\u00fctzenfest'\n                       href='http:\/\/www.west-highlanders.de\/2015\/fotoalbum\/nggallery\/fotos\/brilon-wald-schuetzenfest'style=\"max-width: 111px\">Brilon-Wald Sch\u00fctzenfest<\/a>\n            <\/h4>\n            <p class=\"ngg-album-gallery-image-counter\">\n                                    <strong>10<\/strong>&nbsp;Fotos                            <\/p>\n        <\/div>\n            <div class=\"ngg-album-compact\">\n            <div class=\"ngg-album-compactbox\">\n                <div class=\"ngg-album-link\">\n                                        <a title='St\u00f6rmede Sch\u00fctzenfest'\n                       href='http:\/\/www.west-highlanders.de\/2015\/fotoalbum\/nggallery\/fotos\/stoermede-schuetzenfest'>\n                        <img class=\"Thumb\"\n                             alt=\"St\u00f6rmede Sch\u00fctzenfest\"\n                             src=\"http:\/\/www.west-highlanders.de\/wp-content\/gallery\/stoermede-schuetzenfest\/cache\/IMG_0892.jpg-nggid0265-ngg0dyn-91x68-00f0w010c011r110f110r010t010.jpg\"\/>\n                    <\/a>\n                                    <\/div>\n            <\/div>\n                        <h4>\n                <a class='ngg-album-desc' title='St\u00f6rmede Sch\u00fctzenfest'\n                       href='http:\/\/www.west-highlanders.de\/2015\/fotoalbum\/nggallery\/fotos\/stoermede-schuetzenfest'style=\"max-width: 111px\">St\u00f6rmede Sch\u00fctzenfest<\/a>\n            <\/h4>\n            <p class=\"ngg-album-gallery-image-counter\">\n                                    <strong>5<\/strong>&nbsp;Fotos                            <\/p>\n        <\/div>\n            <div class=\"ngg-album-compact\">\n            <div class=\"ngg-album-compactbox\">\n                <div class=\"ngg-album-link\">\n                                        <a title='Folk im Park 2015'\n                       href='http:\/\/www.west-highlanders.de\/2015\/fotoalbum\/nggallery\/fotos\/folk-im-park-2015'>\n                        <img class=\"Thumb\"\n                             alt=\"Folk im Park 2015\"\n                             src=\"http:\/\/www.west-highlanders.de\/wp-content\/gallery\/folk-im-park-2015\/cache\/150822_REN8430_bea1600.jpg-nggid03111-ngg0dyn-91x68-00f0w010c011r110f110r010t010.jpg\"\/>\n                    <\/a>\n                                    <\/div>\n            <\/div>\n                        <h4>\n                <a class='ngg-album-desc' title='Folk im Park 2015'\n                       href='http:\/\/www.west-highlanders.de\/2015\/fotoalbum\/nggallery\/fotos\/folk-im-park-2015'style=\"max-width: 111px\">Folk im Park 2015<\/a>\n            <\/h4>\n            <p class=\"ngg-album-gallery-image-counter\">\n                                    <strong>52<\/strong>&nbsp;Fotos                            <\/p>\n        <\/div>\n            <div class=\"ngg-album-compact\">\n            <div class=\"ngg-album-compactbox\">\n                <div class=\"ngg-album-link\">\n                                        <a title='Konzert 2015'\n                       href='http:\/\/www.west-highlanders.de\/2015\/fotoalbum\/nggallery\/fotos\/konzert-2015'>\n                        <img class=\"Thumb\"\n                             alt=\"Konzert 2015\"\n                             src=\"http:\/\/www.west-highlanders.de\/wp-content\/gallery\/konzert-2015\/cache\/www_20151107_WHPD_d800_REN0519_bea1600.jpg-nggid03124-ngg0dyn-91x68-00f0w010c011r110f110r010t010.jpg\"\/>\n                    <\/a>\n                                    <\/div>\n            <\/div>\n                        <h4>\n                <a class='ngg-album-desc' title='Konzert 2015'\n                       href='http:\/\/www.west-highlanders.de\/2015\/fotoalbum\/nggallery\/fotos\/konzert-2015'style=\"max-width: 111px\">Konzert 2015<\/a>\n            <\/h4>\n            <p class=\"ngg-album-gallery-image-counter\">\n                                    <strong>28<\/strong>&nbsp;Fotos                            <\/p>\n        <\/div>\n        <br class=\"ngg-clear\"\/>\n    <div class='ngg-clear'><\/div><\/div>\n<\/p>\n<p><strong>Fotos 2014<br \/>\n<\/strong><div class=\"ngg-albumoverview\">\n            <div class=\"ngg-album-compact\">\n            <div class=\"ngg-album-compactbox\">\n                <div class=\"ngg-album-link\">\n                                        <a title='Deutschland Tattoo 2014'\n                       href='http:\/\/www.west-highlanders.de\/2015\/fotoalbum\/nggallery\/fotos-2014\/deutschland-tattoo'>\n                        <img class=\"Thumb\"\n                             alt=\"Deutschland Tattoo 2014\"\n                             src=\"http:\/\/www.west-highlanders.de\/wp-content\/gallery\/deutschland-tattoo\/cache\/st1.jpg-nggid0238-ngg0dyn-91x68-00f0w010c011r110f110r010t010.jpg\"\/>\n                    <\/a>\n                                    <\/div>\n            <\/div>\n                        <h4>\n                <a class='ngg-album-desc' title='Deutschland Tattoo 2014'\n                       href='http:\/\/www.west-highlanders.de\/2015\/fotoalbum\/nggallery\/fotos-2014\/deutschland-tattoo'style=\"max-width: 111px\">Deutschland Tattoo 2014<\/a>\n            <\/h4>\n            <p class=\"ngg-album-gallery-image-counter\">\n                                    <strong>13<\/strong>&nbsp;Fotos                            <\/p>\n        <\/div>\n        <br class=\"ngg-clear\"\/>\n    <div class='ngg-clear'><\/div><\/div>\n<\/p>\n<p><strong>\u00a0Fotos 2012<br \/>\n<\/strong><div class=\"ngg-albumoverview\">\n            <div class=\"ngg-album-compact\">\n            <div class=\"ngg-album-compactbox\">\n                <div class=\"ngg-album-link\">\n                                        <a title='Lippstadt Tattoo'\n                       href='http:\/\/www.west-highlanders.de\/2015\/fotoalbum\/nggallery\/fotos-2012\/lippstadt-tattoo'>\n                        <img class=\"Thumb\"\n                             alt=\"Lippstadt Tattoo\"\n                             src=\"http:\/\/www.west-highlanders.de\/wp-content\/gallery\/lippstadt-tattoo\/cache\/IMG_4231.jpg-nggid0251-ngg0dyn-91x68-00f0w010c011r110f110r010t010.jpg\"\/>\n                    <\/a>\n                                    <\/div>\n            <\/div>\n                        <h4>\n                <a class='ngg-album-desc' title='Lippstadt Tattoo'\n                       href='http:\/\/www.west-highlanders.de\/2015\/fotoalbum\/nggallery\/fotos-2012\/lippstadt-tattoo'style=\"max-width: 111px\">Lippstadt Tattoo<\/a>\n            <\/h4>\n            <p class=\"ngg-album-gallery-image-counter\">\n                                    <strong>3<\/strong>&nbsp;Fotos                            <\/p>\n        <\/div>\n        <br class=\"ngg-clear\"\/>\n    <div class='ngg-clear'><\/div><\/div>\n<\/p>\n","protected":false},"excerpt":{"rendered":"<p>Fotos 2016 KiTa St. Elisabeth 3&nbsp;Fotos Westernweekend 5&nbsp;Fotos Fotos 2015 Proben- wochenende 5_2015 17&nbsp;Fotos Irish-Folk Konzert 20&nbsp;Fotos Brilon-Wald Sch\u00fctzenfest 10&nbsp;Fotos St\u00f6rmede Sch\u00fctzenfest 5&nbsp;Fotos Folk im Park 2015 52&nbsp;Fotos Konzert 2015 28&nbsp;Fotos Fotos 2014 Deutschland Tattoo 2014 13&nbsp;Fotos \u00a0Fotos 2012 Lippstadt &hellip; <a href=\"http:\/\/www.west-highlanders.de\/2015\/fotoalbum\/\">Weiterlesen <span class=\"meta-nav\">&rarr;<\/span><\/a><\/p>\n","protected":false},"author":1,"featured_media":0,"parent":0,"menu_order":0,"comment_status":"closed","ping_status":"closed","template":"","meta":{"ngg_post_thumbnail":0},"_links":{"self":[{"href":"http:\/\/www.west-highlanders.de\/2015\/wp-json\/wp\/v2\/pages\/268"}],"collection":[{"href":"http:\/\/www.west-highlanders.de\/2015\/wp-json\/wp\/v2\/pages"}],"about":[{"href":"http:\/\/www.west-highlanders.de\/2015\/wp-json\/wp\/v2\/types\/page"}],"author":[{"embeddable":true,"href":"http:\/\/www.west-highlanders.de\/2015\/wp-json\/wp\/v2\/users\/1"}],"replies":[{"embeddable":true,"href":"http:\/\/www.west-highlanders.de\/2015\/wp-json\/wp\/v2\/comments?post=268"}],"version-history":[{"count":7,"href":"http:\/\/www.west-highlanders.de\/2015\/wp-json\/wp\/v2\/pages\/268\/revisions"}],"predecessor-version":[{"id":736,"href":"http:\/\/www.west-highlanders.de\/2015\/wp-json\/wp\/v2\/pages\/268\/revisions\/736"}],"wp:attachment":[{"href":"http:\/\/www.west-highlanders.de\/2015\/wp-json\/wp\/v2\/media?parent=268"}],"curies":[{"name":"wp","href":"https:\/\/api.w.org\/{rel}","templated":true}]}}